{"id":23,"date":"2014-06-28T22:16:00","date_gmt":"2014-06-28T20:16:00","guid":{"rendered":"http:\/\/www.audouard-jean-michel.fr\/?page_id=23"},"modified":"2015-10-20T15:26:21","modified_gmt":"2015-10-20T13:26:21","slug":"contact-plan","status":"publish","type":"page","link":"http:\/\/www.audouard-jean-michel.fr\/?page_id=23","title":{"rendered":"Acc\u00e8s au Hall"},"content":{"rendered":"<p style=\"text-align: center;\">Nos heures d\u2019ouvertures:<br \/>\n<strong>du lundi au vendredi, de 07h30 \u00e0 12h et de 13h30 \u00e0 18h.<\/strong><\/p>\n<p style=\"text-align: center;\">Permanences administratives :<br \/>\n<strong>du mardi au vendredi, de 09h \u00e0 12h et de 14h \u00e0 17h, le samedi de 09h \u00e0 12h.<br \/>\n<\/strong><\/p>\n<div id=\"wpgmza_map\" class=\"wpgmza_map\" data-settings='{\"id\":\"1\",\"map_title\":\"Nous localiser\",\"map_width\":\"600\",\"map_height\":\"400\",\"map_start_lat\":\"44.555499\",\"map_start_lng\":\"4.687804\",\"map_start_location\":\"44.55549899854358,4.687804341228912\",\"map_start_zoom\":\"16\",\"default_marker\":\"0\",\"type\":\"1\",\"alignment\":\"2\",\"directions_enabled\":\"1\",\"styling_enabled\":\"0\",\"styling_json\":\"\",\"active\":\"0\",\"kml\":\"\",\"bicycle\":\"0\",\"traffic\":\"0\",\"dbox\":\"1\",\"dbox_width\":\"250\",\"listmarkers\":\"0\",\"listmarkers_advanced\":\"0\",\"filterbycat\":\"0\",\"ugm_enabled\":\"0\",\"ugm_category_enabled\":\"0\",\"fusion\":\"\",\"map_width_type\":\"px\",\"map_height_type\":\"px\",\"mass_marker_support\":\"1\",\"ugm_access\":\"0\",\"order_markers_by\":\"1\",\"order_markers_choice\":\"2\",\"show_user_location\":\"0\",\"default_to\":\"\",\"other_settings\":{\"store_locator_enabled\":2,\"store_locator_distance\":2,\"store_locator_bounce\":1,\"store_locator_query_string\":\"Code Postal \\\/ Adresse\",\"wpgmza_store_locator_restrict\":\"\",\"map_max_zoom\":\"1\",\"transport_layer\":0}}' data-map-id='1' Data-maps-engine='' data-shortcode-attributes='{\"id\":\"1\"}' style=\"display:block; overflow:auto; width:600px; height:400px; float:left;\"><\/div>\n","protected":false},"excerpt":{"rendered":"<p>Nos heures d\u2019ouvertures: du lundi au vendredi, de 07h30 \u00e0 12h et de 13h30 \u00e0 18h. Permanences administratives : du mardi au vendredi, de 09h \u00e0 12h et de 14h \u00e0 17h, le samedi de 09h \u00e0 12h.<\/p>\n","protected":false},"author":1,"featured_media":0,"parent":0,"menu_order":6,"comment_status":"closed","ping_status":"closed","template":"","meta":{"footnotes":""},"class_list":["post-23","page","type-page","status-publish","hentry"],"_links":{"self":[{"href":"http:\/\/www.audouard-jean-michel.fr\/index.php?rest_route=\/wp\/v2\/pages\/23","targetHints":{"allow":["GET"]}}],"collection":[{"href":"http:\/\/www.audouard-jean-michel.fr\/index.php?rest_route=\/wp\/v2\/pages"}],"about":[{"href":"http:\/\/www.audouard-jean-michel.fr\/index.php?rest_route=\/wp\/v2\/types\/page"}],"author":[{"embeddable":true,"href":"http:\/\/www.audouard-jean-michel.fr\/index.php?rest_route=\/wp\/v2\/users\/1"}],"replies":[{"embeddable":true,"href":"http:\/\/www.audouard-jean-michel.fr\/index.php?rest_route=%2Fwp%2Fv2%2Fcomments&post=23"}],"version-history":[{"count":9,"href":"http:\/\/www.audouard-jean-michel.fr\/index.php?rest_route=\/wp\/v2\/pages\/23\/revisions"}],"predecessor-version":[{"id":145,"href":"http:\/\/www.audouard-jean-michel.fr\/index.php?rest_route=\/wp\/v2\/pages\/23\/revisions\/145"}],"wp:attachment":[{"href":"http:\/\/www.audouard-jean-michel.fr\/index.php?rest_route=%2Fwp%2Fv2%2Fmedia&parent=23"}],"curies":[{"name":"wp","href":"https:\/\/api.w.org\/{rel}","templated":true}]}}